{"id":1587,"date":"2025-09-04T09:56:56","date_gmt":"2025-09-04T08:56:56","guid":{"rendered":"https:\/\/nwbc.nl\/reunions-precedentes\/"},"modified":"2025-09-05T07:47:45","modified_gmt":"2025-09-05T06:47:45","slug":"visites-precedentes","status":"publish","type":"page","link":"https:\/\/nwbc.nl\/fr\/visites-precedentes\/","title":{"rendered":"Visites pr\u00e9c\u00e9dentes"},"content":{"rendered":"\n<p><\/p>\n\n\n<div id=\"pl-gb1587-69f29bfd068db\"  class=\"panel-layout\" ><div id=\"pg-gb1587-69f29bfd068db-0\"  class=\"panel-grid panel-no-style\" ><div id=\"pgc-gb1587-69f29bfd068db-0-0\"  class=\"panel-grid-cell\" ><div id=\"panel-gb1587-69f29bfd068db-0-0-0\" class=\"so-panel widget widget_sow-layout-slider panel-first-child panel-last-child\" data-index=\"0\" ><div\n\t\t\t\n\t\t\tclass=\"so-widget-sow-layout-slider so-widget-sow-layout-slider-default-0736ac43ae6e-1587\"\n\t\t\t\n\t\t>\t\t\t\t<div class=\"sow-slider-base\" style=\"display: none\" tabindex=\"0\">\n\t\t\t\t\t<ul\n\t\t\t\t\tclass=\"sow-slider-images\"\n\t\t\t\t\tdata-settings=\"{&quot;pagination&quot;:true,&quot;speed&quot;:400,&quot;timeout&quot;:8000,&quot;paused&quot;:true,&quot;pause_on_hover&quot;:false,&quot;swipe&quot;:&quot;&quot;,&quot;nav_always_show_desktop&quot;:&quot;&quot;,&quot;nav_always_show_mobile&quot;:true,&quot;breakpoint&quot;:&quot;780px&quot;,&quot;unmute&quot;:false,&quot;anchor&quot;:null}\"\n\t\t\t\t\tstyle=\"min-height: 50vh\"\t\t\t\t\tdata-anchor-id=\"\"\n\t\t\t\t>\t\t<li class=\"sow-slider-image  sow-slider-image-parallax\" style=\"\" >\n\t\t\t<img fetchpriority=\"high\" decoding=\"async\" width=\"2550\" height=\"805\" src=\"https:\/\/nwbc.nl\/wp-content\/uploads\/2025\/01\/events-header2.jpg\" class=\"attachment-full size-full\" alt=\"\" data-siteorigin-parallax=\"true\" loading=\"eager\" style=\"opacity: 1\" srcset=\"https:\/\/nwbc.nl\/wp-content\/uploads\/2025\/01\/events-header2.jpg 2550w, https:\/\/nwbc.nl\/wp-content\/uploads\/2025\/01\/events-header2-300x95.jpg 300w, https:\/\/nwbc.nl\/wp-content\/uploads\/2025\/01\/events-header2-1024x323.jpg 1024w, https:\/\/nwbc.nl\/wp-content\/uploads\/2025\/01\/events-header2-768x242.jpg 768w, https:\/\/nwbc.nl\/wp-content\/uploads\/2025\/01\/events-header2-1536x485.jpg 1536w, https:\/\/nwbc.nl\/wp-content\/uploads\/2025\/01\/events-header2-2048x647.jpg 2048w\" sizes=\"(max-width: 2550px) 100vw, 2550px\" \/>\t\t<div class=\"sow-slider-image-container\">\n\t\t\t<div class=\"sow-slider-image-wrapper\">\n\t\t\t\t\t\t\t<\/div>\n\t\t<\/div>\n\t\t\t\t<\/li>\n\t\t<\/ul>\t\t\t\t<ol class=\"sow-slider-pagination\">\n\t\t\t\t\t\t\t\t\t\t\t<li><a href=\"#\" data-goto=\"0\" aria-label=\"Display slide 1\"><\/a><\/li>\n\t\t\t\t\t\t\t\t\t<\/ol>\n\n\t\t\t\t<div class=\"sow-slide-nav sow-slide-nav-next\">\n\t\t\t\t\t<a href=\"#\" data-goto=\"next\" aria-label=\"Next slide\" data-action=\"next\">\n\t\t\t\t\t\t<em class=\"sow-sld-icon-thin-right\"><\/em>\n\t\t\t\t\t<\/a>\n\t\t\t\t<\/div>\n\n\t\t\t\t<div class=\"sow-slide-nav sow-slide-nav-prev\">\n\t\t\t\t\t<a href=\"#\" data-goto=\"previous\" aria-label=\"Previous slide\" data-action=\"prev\">\n\t\t\t\t\t\t<em class=\"sow-sld-icon-thin-left\"><\/em>\n\t\t\t\t\t<\/a>\n\t\t\t\t<\/div>\n\t\t\t\t<\/div><\/div><\/div><\/div><\/div><div id=\"pg-gb1587-69f29bfd068db-1\"  class=\"panel-grid panel-has-style\" ><div class=\"container panel-row-style panel-row-style-for-gb1587-69f29bfd068db-1\" ><div id=\"pgc-gb1587-69f29bfd068db-1-0\"  class=\"panel-grid-cell\" ><div id=\"panel-gb1587-69f29bfd068db-1-0-0\" class=\"so-panel widget widget_sow-editor panel-first-child\" data-index=\"1\" ><div\n\t\t\t\n\t\t\tclass=\"so-widget-sow-editor so-widget-sow-editor-base\"\n\t\t\t\n\t\t><h3 class=\"widget-title\">Visites pr\u00e9c\u00e9dentes<\/h3>\n<div class=\"siteorigin-widget-tinymce textwidget\">\n\t<\/div>\n<\/div><\/div><div id=\"panel-gb1587-69f29bfd068db-1-0-1\" class=\"widget_text so-panel widget widget_custom_html panel-last-child\" data-index=\"2\" ><div class=\"widget_text eventlist panel-widget-style panel-widget-style-for-gb1587-69f29bfd068db-1-0-1\" ><div class=\"textwidget custom-html-widget\"><ul class=\"display-posts-listing\"><li class=\"listing-item\"><a class=\"image\" href=\"https:\/\/nwbc.nl\/fr\/visite-dentreprise-chez-sbe-eijsden-nl-le-11-septembre-2025\/\"><img loading=\"lazy\" decoding=\"async\" width=\"294\" height=\"171\" src=\"https:\/\/nwbc.nl\/wp-content\/uploads\/2025\/03\/sbe.jpeg\" class=\"attachment-full size-full wp-post-image\" alt=\"\" \/><\/a> <a class=\"title\" href=\"https:\/\/nwbc.nl\/fr\/visite-dentreprise-chez-sbe-eijsden-nl-le-11-septembre-2025\/\">Visite d&rsquo;entreprise SBE Eijsden, le 11 septembre 2025<\/a> <span class=\"excerpt-dash\">-<\/span> <span class=\"excerpt\">Le NWBC vous invite cordialement \u00e0 une visite d'entreprise \u00e0 SBE \u00e0 Eijsden (Pays-Bas). &nbsp; Depuis 1893, SBE est une entreprise m\u00e9tallurgique polyvalente et ind\u00e9pendante, implant\u00e9e dans le sud des Pays-Bas, forte d'une riche histoire et d'une client\u00e8le internationale. Principalement active dans l'industrie de transformation, piping, la construction de machines et d'\u00e9quipements, ainsi que l'\u00e9puration [...]<p><a class=\"btn btn-secondary understrap-read-more-link\" href=\"https:\/\/nwbc.nl\/fr\/visite-dentreprise-chez-sbe-eijsden-nl-le-11-septembre-2025\/\">Lire la suite\u2026<span class=\"screen-reader-text\"> from Visite d&rsquo;entreprise SBE Eijsden, le 11 septembre 2025<\/span><\/a><\/p><\/span><\/li><li class=\"listing-item\"><a class=\"image\" href=\"https:\/\/nwbc.nl\/fr\/visitez-tefaf-maastricht-19-mars-2026-2\/\"><img loading=\"lazy\" decoding=\"async\" width=\"291\" height=\"173\" src=\"https:\/\/nwbc.nl\/wp-content\/uploads\/2026\/02\/Tefaf.jpeg\" class=\"attachment-full size-full wp-post-image\" alt=\"\" \/><\/a> <a class=\"title\" href=\"https:\/\/nwbc.nl\/fr\/visitez-tefaf-maastricht-19-mars-2026-2\/\">Visite TEFAF Maastricht, le 19 mars 2026<\/a> <span class=\"excerpt-dash\">-<\/span> <span class=\"excerpt\">Le 19 mars prochain, le NWBC rendra visite \u00e0 la c\u00e9l\u00e8bre foire d'art TEFAF (The European Fine Art Fair), qui se d\u00e9roulera au MECC Maastricht. Nous vous invitons cordialement \u00e0 y assister. &nbsp; Fond\u00e9e en 1988, TEFAF est reconnu comme une organisation de premier plan dans le domaine des beaux-arts, des antiquit\u00e9s et du design. [...]<p><a class=\"btn btn-secondary understrap-read-more-link\" href=\"https:\/\/nwbc.nl\/fr\/visitez-tefaf-maastricht-19-mars-2026-2\/\">Lire la suite\u2026<span class=\"screen-reader-text\"> from Visite TEFAF Maastricht, le 19 mars 2026<\/span><\/a><\/p><\/span><\/li><li class=\"listing-item\"><a class=\"image\" href=\"https:\/\/nwbc.nl\/fr\/visite-au-musee-tresor-de-liege-reception-du-nouvel-an-liege-b-le-22-janvier-2026\/\"><img loading=\"lazy\" decoding=\"async\" width=\"1360\" height=\"906\" src=\"https:\/\/nwbc.nl\/wp-content\/uploads\/2025\/11\/foto.webp\" class=\"attachment-full size-full wp-post-image\" alt=\"\" srcset=\"https:\/\/nwbc.nl\/wp-content\/uploads\/2025\/11\/foto.webp 1360w, https:\/\/nwbc.nl\/wp-content\/uploads\/2025\/11\/foto-300x200.webp 300w, https:\/\/nwbc.nl\/wp-content\/uploads\/2025\/11\/foto-1024x682.webp 1024w, https:\/\/nwbc.nl\/wp-content\/uploads\/2025\/11\/foto-768x512.webp 768w, https:\/\/nwbc.nl\/wp-content\/uploads\/2025\/11\/foto-272x182.webp 272w, https:\/\/nwbc.nl\/wp-content\/uploads\/2025\/11\/foto-360x240.webp 360w\" sizes=\"auto, (max-width: 1360px) 100vw, 1360px\" \/><\/a> <a class=\"title\" href=\"https:\/\/nwbc.nl\/fr\/visite-au-musee-tresor-de-liege-reception-du-nouvel-an-liege-b-le-22-janvier-2026\/\">Visite au Mus\u00e9e Tr\u00e9sor de Li\u00e8ge &amp; R\u00e9ception du Nouvel An, Li\u00e8ge (B), le 22 janvier 2026 &#8211; ANNULEE<\/a> <span class=\"excerpt-dash\">-<\/span> <span class=\"excerpt\">La r\u00e9ception du Nouvel An du NWBC, La r\u00e9ception du Nouvel An du NWBC \u00e9tait pr\u00e9vue le 22 janvier 2026 au Mus\u00e9e Tr\u00e9sor de Li\u00e8ge. Cette date s&rsquo;\u00e9tant av\u00e9r\u00e9e inadapt\u00e9e \u00e0 nos membres, nous avons d\u00fb, \u00e0 notre grand regret, annuler cet \u00e9v\u00e9nement. Nous serons ravis de vous accueillir \u00e0 notre prochaine rencontre&nbsp;: une visite [...]<p><a class=\"btn btn-secondary understrap-read-more-link\" href=\"https:\/\/nwbc.nl\/fr\/visite-au-musee-tresor-de-liege-reception-du-nouvel-an-liege-b-le-22-janvier-2026\/\">Lire la suite\u2026<span class=\"screen-reader-text\"> from Visite au Mus\u00e9e Tr\u00e9sor de Li\u00e8ge &amp; R\u00e9ception du Nouvel An, Li\u00e8ge (B), le 22 janvier 2026 &#8211; ANNULEE<\/span><\/a><\/p><\/span><\/li><li class=\"listing-item\"><a class=\"image\" href=\"https:\/\/nwbc.nl\/fr\/visite-dentreprise-maison-de-torrefaction-blanche-dael-maastricht-le-5-mars-2026\/\"><img loading=\"lazy\" decoding=\"async\" width=\"300\" height=\"168\" src=\"https:\/\/nwbc.nl\/wp-content\/uploads\/2025\/11\/Blanche-Dael.jpeg\" class=\"attachment-full size-full wp-post-image\" alt=\"\" \/><\/a> <a class=\"title\" href=\"https:\/\/nwbc.nl\/fr\/visite-dentreprise-maison-de-torrefaction-blanche-dael-maastricht-le-5-mars-2026\/\">Visite d&rsquo;entreprise de la maison de torr\u00e9faction Blanche Dael, Maastricht, 5 mars 2026<\/a> <span class=\"excerpt-dash\">-<\/span> <span class=\"excerpt\">&nbsp; Le Nederlands-Waalse Business Club a le plaisir de vous inviter \u00e0 une visite de l'entreprise Blanche Dael, torr\u00e9faction de caf\u00e9 et conditionnement de th\u00e9, \u00e0 Maastricht, le 5 mars. &nbsp; \u00c0 l'origine, Blanche Dael, entreprise familiale de Maastricht, vendait des produits coloniaux tels que de l'huile, du savon, des allumettes, des conserves, des biscuits, [...]<p><a class=\"btn btn-secondary understrap-read-more-link\" href=\"https:\/\/nwbc.nl\/fr\/visite-dentreprise-maison-de-torrefaction-blanche-dael-maastricht-le-5-mars-2026\/\">Lire la suite\u2026<span class=\"screen-reader-text\"> from Visite d&rsquo;entreprise de la maison de torr\u00e9faction Blanche Dael, Maastricht, 5 mars 2026<\/span><\/a><\/p><\/span><\/li><li class=\"listing-item\"><a class=\"image\" href=\"https:\/\/nwbc.nl\/fr\/visite-dentreprise-visual-impact-seraing-9-octobre-2025\/\"><img loading=\"lazy\" decoding=\"async\" width=\"1920\" height=\"1440\" src=\"https:\/\/nwbc.nl\/wp-content\/uploads\/2025\/06\/Foto-Visual-Impact.webp\" class=\"attachment-full size-full wp-post-image\" alt=\"\" srcset=\"https:\/\/nwbc.nl\/wp-content\/uploads\/2025\/06\/Foto-Visual-Impact.webp 1920w, https:\/\/nwbc.nl\/wp-content\/uploads\/2025\/06\/Foto-Visual-Impact-300x225.webp 300w, https:\/\/nwbc.nl\/wp-content\/uploads\/2025\/06\/Foto-Visual-Impact-1024x768.webp 1024w, https:\/\/nwbc.nl\/wp-content\/uploads\/2025\/06\/Foto-Visual-Impact-768x576.webp 768w, https:\/\/nwbc.nl\/wp-content\/uploads\/2025\/06\/Foto-Visual-Impact-1536x1152.webp 1536w\" sizes=\"auto, (max-width: 1920px) 100vw, 1920px\" \/><\/a> <a class=\"title\" href=\"https:\/\/nwbc.nl\/fr\/visite-dentreprise-visual-impact-seraing-9-octobre-2025\/\">Visite d&rsquo;entreprise \u00e0 Visual Impact, Seraing, 9 octobre 2025<\/a> <span class=\"excerpt-dash\">-<\/span> <span class=\"excerpt\">Le NWBC vous invite \u00e0 une visite d'entreprise chez Visual Impact \u00e0 Seraing (B). Visual Impact est sp\u00e9cialis\u00e9 dans la conception et la production sur mesure de supports de communication visuelle au sens large. Sa gamme de produits couvre tous les supports qui am\u00e9liorent la visibilit\u00e9 des entreprises et des organisations. Qu'il s'agisse d'impression de [...]<p><a class=\"btn btn-secondary understrap-read-more-link\" href=\"https:\/\/nwbc.nl\/fr\/visite-dentreprise-visual-impact-seraing-9-octobre-2025\/\">Lire la suite\u2026<span class=\"screen-reader-text\"> from Visite d&rsquo;entreprise \u00e0 Visual Impact, Seraing, 9 octobre 2025<\/span><\/a><\/p><\/span><\/li><li class=\"listing-item\"><a class=\"image\" href=\"https:\/\/nwbc.nl\/fr\/meet-the-ambassador-lunch-van-oys-maastricht-retreat-le-5-juin-2025\/\"><img loading=\"lazy\" decoding=\"async\" width=\"243\" height=\"174\" src=\"https:\/\/nwbc.nl\/wp-content\/uploads\/2025\/02\/Van-Oys.jpeg\" class=\"attachment-full size-full wp-post-image\" alt=\"\" \/><\/a> <a class=\"title\" href=\"https:\/\/nwbc.nl\/fr\/meet-the-ambassador-lunch-van-oys-maastricht-retreat-le-5-juin-2025\/\">Meet the Ambassador lunch, Van Oys Maastricht Retreat, le 5 juin 2025<\/a> <span class=\"excerpt-dash\">-<\/span> <span class=\"excerpt\">Le NWBC vous invite cordialement au \u00ab Meet the Ambassador Lunch \u00bb qui aura lieu le 5 juin dans le magnifique Van Oys Maastricht Retreat, r\u00e9cemment ouvert \u00e0 Eijsden (NL). Ce d\u00e9jeuner-rencontre sera consacr\u00e9 aux relations commerciales entre les Pays-Bas et la Belgique, et plus pr\u00e9cis\u00e9ment on abordera les tendances du march\u00e9 et les secteurs [...]<p><a class=\"btn btn-secondary understrap-read-more-link\" href=\"https:\/\/nwbc.nl\/fr\/meet-the-ambassador-lunch-van-oys-maastricht-retreat-le-5-juin-2025\/\">Lire la suite\u2026<span class=\"screen-reader-text\"> from Meet the Ambassador lunch, Van Oys Maastricht Retreat, le 5 juin 2025<\/span><\/a><\/p><\/span><\/li><li class=\"listing-item\"><a class=\"image\" href=\"https:\/\/nwbc.nl\/fr\/reception-du-jour-du-roi\/\"><img loading=\"lazy\" decoding=\"async\" width=\"1360\" height=\"907\" src=\"https:\/\/nwbc.nl\/wp-content\/uploads\/2025\/02\/Philharmonie.jpg\" class=\"attachment-full size-full wp-post-image\" alt=\"\" srcset=\"https:\/\/nwbc.nl\/wp-content\/uploads\/2025\/02\/Philharmonie.jpg 1360w, https:\/\/nwbc.nl\/wp-content\/uploads\/2025\/02\/Philharmonie-300x200.jpg 300w, https:\/\/nwbc.nl\/wp-content\/uploads\/2025\/02\/Philharmonie-1024x683.jpg 1024w, https:\/\/nwbc.nl\/wp-content\/uploads\/2025\/02\/Philharmonie-768x512.jpg 768w, https:\/\/nwbc.nl\/wp-content\/uploads\/2025\/02\/Philharmonie-272x182.jpg 272w, https:\/\/nwbc.nl\/wp-content\/uploads\/2025\/02\/Philharmonie-360x240.jpg 360w\" sizes=\"auto, (max-width: 1360px) 100vw, 1360px\" \/><\/a> <a class=\"title\" href=\"https:\/\/nwbc.nl\/fr\/reception-du-jour-du-roi\/\">R\u00e9ception de la F\u00eate du Roi, Salle de l&rsquo;Orchestre Philharmonique Royal de Li\u00e8ge, le 29 avril 2025<\/a> <span class=\"excerpt-dash\">-<\/span> <span class=\"excerpt\">&nbsp; Le NWBC vous invite pour une visite d\u2019entreprise \u00e0 la Salle de l\u2019Orchestre Philharmonique Royal de Li\u00e8ge, le 29 avril prochain, suivie de la R\u00e9ception \u00e0 l\u2019occasion de la F\u00eate du Roi 2025. Anciennement d\u00e9nomm\u00e9e la \"Salle des F\u00eates du Conservatoire\", l\u2019actuelle Salle Philharmonique de Li\u00e8ge a \u00e9t\u00e9 \u00e9difi\u00e9e \u00e0 la demande du Conservatoire [...]<p><a class=\"btn btn-secondary understrap-read-more-link\" href=\"https:\/\/nwbc.nl\/fr\/reception-du-jour-du-roi\/\">Lire la suite\u2026<span class=\"screen-reader-text\"> from R\u00e9ception de la F\u00eate du Roi, Salle de l&rsquo;Orchestre Philharmonique Royal de Li\u00e8ge, le 29 avril 2025<\/span><\/a><\/p><\/span><\/li><li class=\"listing-item\"><a class=\"image\" href=\"https:\/\/nwbc.nl\/fr\/visite-tefaf\/\"><img loading=\"lazy\" decoding=\"async\" width=\"2480\" height=\"1654\" src=\"https:\/\/nwbc.nl\/wp-content\/uploads\/2025\/02\/TEFAF-foto.jpg\" class=\"attachment-full size-full wp-post-image\" alt=\"\" srcset=\"https:\/\/nwbc.nl\/wp-content\/uploads\/2025\/02\/TEFAF-foto.jpg 2480w, https:\/\/nwbc.nl\/wp-content\/uploads\/2025\/02\/TEFAF-foto-300x200.jpg 300w, https:\/\/nwbc.nl\/wp-content\/uploads\/2025\/02\/TEFAF-foto-1024x683.jpg 1024w, https:\/\/nwbc.nl\/wp-content\/uploads\/2025\/02\/TEFAF-foto-768x512.jpg 768w, https:\/\/nwbc.nl\/wp-content\/uploads\/2025\/02\/TEFAF-foto-1536x1024.jpg 1536w, https:\/\/nwbc.nl\/wp-content\/uploads\/2025\/02\/TEFAF-foto-2048x1366.jpg 2048w, https:\/\/nwbc.nl\/wp-content\/uploads\/2025\/02\/TEFAF-foto-272x182.jpg 272w, https:\/\/nwbc.nl\/wp-content\/uploads\/2025\/02\/TEFAF-foto-360x240.jpg 360w\" sizes=\"auto, (max-width: 2480px) 100vw, 2480px\" \/><\/a> <a class=\"title\" href=\"https:\/\/nwbc.nl\/fr\/visite-tefaf\/\">Visite TEFAF Maastricht, le 17 mars 2025<\/a> <span class=\"excerpt-dash\">-<\/span> <span class=\"excerpt\">.. Le 17 mars prochain, le NWBC rendra visite \u00e0 la c\u00e9l\u00e8bre foire d'art TEFAF (The European Fine Art Fair), qui se d\u00e9roulera au MECC Maastricht. Nous vous invitons cordialement \u00e0 y assister. &nbsp; Fond\u00e9e en 1988, TEFAF est reconnu comme une organisation de premier plan dans le domaine des beaux-arts, des antiquit\u00e9s et du [...]<p><a class=\"btn btn-secondary understrap-read-more-link\" href=\"https:\/\/nwbc.nl\/fr\/visite-tefaf\/\">Lire la suite\u2026<span class=\"screen-reader-text\"> from Visite TEFAF Maastricht, le 17 mars 2025<\/span><\/a><\/p><\/span><\/li><li class=\"listing-item\"><a class=\"image\" href=\"https:\/\/nwbc.nl\/fr\/reception-du-nouvel-an-et-visite-dentreprise-chiaradia-exhibitions-bv\/\"><img loading=\"lazy\" decoding=\"async\" width=\"650\" height=\"487\" src=\"https:\/\/nwbc.nl\/wp-content\/uploads\/2025\/01\/receptie2025.png\" class=\"attachment-full size-full wp-post-image\" alt=\"\" srcset=\"https:\/\/nwbc.nl\/wp-content\/uploads\/2025\/01\/receptie2025.png 650w, https:\/\/nwbc.nl\/wp-content\/uploads\/2025\/01\/receptie2025-300x225.png 300w\" sizes=\"auto, (max-width: 650px) 100vw, 650px\" \/><\/a> <a class=\"title\" href=\"https:\/\/nwbc.nl\/fr\/reception-du-nouvel-an-et-visite-dentreprise-chiaradia-exhibitions-bv\/\">R\u00e9ception du Nouvel An et visite d&rsquo;entreprise Chiaradia Exhibitions BV, le 23 janvier 2025<\/a> <span class=\"excerpt-dash\">-<\/span> <span class=\"excerpt\">Le Dutch-Walloon Business Club vous accueille chaleureusement, vous et votre partenaire, \u00e0 sa r\u00e9union du Nouvel An, qui aura lieu le 23 janvier prochain. Cet apr\u00e8s-midi est consacr\u00e9 \u00e0 un \u00e9v\u00e9nement en deux parties combinant une visite d'entreprise et la r\u00e9ception du Nouvel An. Depuis plus de 65 ans, Chiaradia Exhibitions BV est un acteur [...]<p><a class=\"btn btn-secondary understrap-read-more-link\" href=\"https:\/\/nwbc.nl\/fr\/reception-du-nouvel-an-et-visite-dentreprise-chiaradia-exhibitions-bv\/\">Lire la suite\u2026<span class=\"screen-reader-text\"> from R\u00e9ception du Nouvel An et visite d&rsquo;entreprise Chiaradia Exhibitions BV, le 23 janvier 2025<\/span><\/a><\/p><\/span><\/li><li class=\"listing-item\"><a class=\"image\" href=\"https:\/\/nwbc.nl\/fr\/visite-dentreprise-fn-herstal-le-5-decembre-2024\/\"><img loading=\"lazy\" decoding=\"async\" width=\"1558\" height=\"877\" src=\"https:\/\/nwbc.nl\/wp-content\/uploads\/2024\/09\/fn-herstal-square.jpg\" class=\"attachment-full size-full wp-post-image\" alt=\"\" srcset=\"https:\/\/nwbc.nl\/wp-content\/uploads\/2024\/09\/fn-herstal-square.jpg 1558w, https:\/\/nwbc.nl\/wp-content\/uploads\/2024\/09\/fn-herstal-square-300x169.jpg 300w, https:\/\/nwbc.nl\/wp-content\/uploads\/2024\/09\/fn-herstal-square-1024x576.jpg 1024w, https:\/\/nwbc.nl\/wp-content\/uploads\/2024\/09\/fn-herstal-square-768x432.jpg 768w, https:\/\/nwbc.nl\/wp-content\/uploads\/2024\/09\/fn-herstal-square-1536x865.jpg 1536w\" sizes=\"auto, (max-width: 1558px) 100vw, 1558px\" \/><\/a> <a class=\"title\" href=\"https:\/\/nwbc.nl\/fr\/visite-dentreprise-fn-herstal-le-5-decembre-2024\/\">Visite d&rsquo;entreprise FN Herstal, le 5 d\u00e9cembre 2024<\/a> <span class=\"excerpt-dash\">-<\/span> <span class=\"excerpt\">Bedrijfsbezoek aan FBN Herstal (B), 5 december aanstaande. Op 5 december aanstaande brengt de NWBC een bedrijfsbezoek aan FN Herstal (B). Meer informatie hierover volgt weldra. [...]<p><a class=\"btn btn-secondary understrap-read-more-link\" href=\"https:\/\/nwbc.nl\/fr\/visite-dentreprise-fn-herstal-le-5-decembre-2024\/\">Lire la suite\u2026<span class=\"screen-reader-text\"> from Visite d&rsquo;entreprise FN Herstal, le 5 d\u00e9cembre 2024<\/span><\/a><\/p><\/span><\/li><\/ul><\/div><\/div><\/div><\/div><\/div><\/div><\/div>\n\n\n<p><\/p>\n","protected":false},"excerpt":{"rendered":"<p>Bedrijfsbezoek aan FBN Herstal (B), 5 december aanstaande. Op 5 december aanstaande brengt de NWBC een bedrijfsbezoek aan FN Herstal (B). Meer informatie hierover volgt weldra. [&#8230;]<\/p>\n<p><a class=\"btn btn-secondary understrap-read-more-link\" href=\"https:\/\/nwbc.nl\/fr\/visite-dentreprise-fn-herstal-le-5-decembre-2024\/\">Lire la suite\u2026<span class=\"screen-reader-text\"> from Visite d&rsquo;entreprise FN Herstal, le 5 d\u00e9cembre 2024<\/span><\/a><\/p>\n","protected":false},"author":5,"featured_media":0,"parent":0,"menu_order":1,"comment_status":"closed","ping_status":"closed","template":"","meta":{"footnotes":""},"class_list":["post-1587","page","type-page","status-publish","hentry"],"publishpress_future_action":{"enabled":false,"date":"2026-05-07 01:02:05","action":"change-status","newStatus":"draft","terms":[],"taxonomy":"translation_priority","extraData":[]},"publishpress_future_workflow_manual_trigger":{"enabledWorkflows":[]},"_links":{"self":[{"href":"https:\/\/nwbc.nl\/fr\/wp-json\/wp\/v2\/pages\/1587","targetHints":{"allow":["GET"]}}],"collection":[{"href":"https:\/\/nwbc.nl\/fr\/wp-json\/wp\/v2\/pages"}],"about":[{"href":"https:\/\/nwbc.nl\/fr\/wp-json\/wp\/v2\/types\/page"}],"author":[{"embeddable":true,"href":"https:\/\/nwbc.nl\/fr\/wp-json\/wp\/v2\/users\/5"}],"replies":[{"embeddable":true,"href":"https:\/\/nwbc.nl\/fr\/wp-json\/wp\/v2\/comments?post=1587"}],"version-history":[{"count":4,"href":"https:\/\/nwbc.nl\/fr\/wp-json\/wp\/v2\/pages\/1587\/revisions"}],"predecessor-version":[{"id":1598,"href":"https:\/\/nwbc.nl\/fr\/wp-json\/wp\/v2\/pages\/1587\/revisions\/1598"}],"wp:attachment":[{"href":"https:\/\/nwbc.nl\/fr\/wp-json\/wp\/v2\/media?parent=1587"}],"curies":[{"name":"wp","href":"https:\/\/api.w.org\/{rel}","templated":true}]}}